{"id":96,"date":"2025-05-19T11:00:46","date_gmt":"2025-05-19T09:00:46","guid":{"rendered":"https:\/\/mp-infographie.com\/?page_id=96"},"modified":"2025-05-20T17:53:40","modified_gmt":"2025-05-20T15:53:40","slug":"qui-suis-je","status":"publish","type":"page","link":"https:\/\/mp-infographie.com\/index.php\/qui-suis-je\/","title":{"rendered":"Qui suis-je"},"content":{"rendered":"\n<p class=\"has-text-align-left has-text-color has-link-color has-figtree-font-family has-extra-large-font-size wp-elements-285c1f5ecc25b222cdeb0f4c8c2ad157\" style=\"color:#008387;font-style:normal;font-weight:300\">Marielle Pfender<\/p>\n\n\n\n<p class=\"has-text-color has-link-color has-figtree-font-family wp-elements-cb16e41d1a506bdd7486718a49008de4\" style=\"color:#008387;font-style:normal;font-weight:300\">Infographiste depuis 2013<\/p>\n\n\n\n<figure class=\"wp-block-image size-full is-resized is-style-default\"><img fetchpriority=\"high\" decoding=\"async\" width=\"1012\" height=\"976\" src=\"https:\/\/mp-infographie.com\/wp-content\/uploads\/2025\/05\/2025-MarielleDessin-RVB.jpg\" alt=\"\" class=\"wp-image-161\" style=\"width:138px;height:auto\" srcset=\"https:\/\/mp-infographie.com\/wp-content\/uploads\/2025\/05\/2025-MarielleDessin-RVB.jpg 1012w, https:\/\/mp-infographie.com\/wp-content\/uploads\/2025\/05\/2025-MarielleDessin-RVB-300x289.jpg 300w, https:\/\/mp-infographie.com\/wp-content\/uploads\/2025\/05\/2025-MarielleDessin-RVB-768x741.jpg 768w\" sizes=\"(max-width: 1012px) 100vw, 1012px\" \/><\/figure>\n\n\n\n<p class=\"has-body-text-color has-text-color has-link-color has-figtree-font-family has-body-text-font-size wp-elements-9ac8fc63f876dd1fdb6ac170ae64c38c\" style=\"font-style:normal;font-weight:300\">En plus de 10 ans de m\u00e9tier, j&rsquo;ai eu le plaisir de travailler avec des profils tr\u00e8s diff\u00e9rents :<br>&#8211; des associations solidaires (Le Buisson ardent \u00e0 Nancy, l&rsquo;Entraide protestante de La Rochelle&#8230;),<br>&#8211; des associations et entreprises culturelles (Cercle celtique de Lorraine, Ensemble vocal Scalae Caeli, Facteur d&rsquo;orgues JB Gaupillat&#8230;),<br>&#8211; des entreprises de services (Services \u00e0 la personne Rochellisa, Docteur Paper, Massages Relax&amp;Vous \u00e0 Reims&#8230;)<br>&#8211; des maisons d&rsquo;\u00e9dition r\u00e9gionale (Editions du Mont), religieuses (Oliv\u00e9tan, OPEC), g\u00e9n\u00e9ralistes (La Palanqu\u00e9e&#8230;).<br>De quoi d\u00e9couvrir des horizons diff\u00e9rents et utiliser une palette de styles \u00e9tendue.<\/p>\n\n\n\n<p class=\"has-body-text-color has-text-color has-link-color has-figtree-font-family has-body-text-font-size wp-elements-23152b677e06cbfa5fade78367b31522\" style=\"font-style:normal;font-weight:300\">Par ailleurs, je travaille r\u00e9guli\u00e8rement avec des particuliers qui d\u00e9sirent transmettre leurs souvenirs, leur g\u00e9n\u00e9alogie ou l&rsquo;histoire familiale, des photos ou des \u0153uvres&#8230; Pr\u00e9sente jusqu&rsquo;au bout du projet, je r\u00e9alise la mise en page et m&rsquo;occupe du suivi aupr\u00e8s de l&rsquo;imprimeur. Je peux aider \u00e9galement pour le chapitrage, la r\u00e9daction et les corrections ortho-typographiques.<\/p>\n\n\n\n<p class=\"has-body-text-color has-text-color has-link-color has-figtree-font-family has-body-text-font-size wp-elements-58adf22105b4dbedce392b0f2aa58f6b\" style=\"font-style:normal;font-weight:300\">Apr\u00e8s avoir discut\u00e9 de votre projet, je vous propose un devis adapt\u00e9. Nous pouvons ensuite passer \u00e0 la phase de r\u00e9alisation. \u00catre \u00e0 votre \u00e9coute me tient \u00e0 c\u0153ur ; je m&rsquo;adapte \u00e0 vos besoins et vos sp\u00e9cificit\u00e9s. C&rsquo;est pourquoi je fais au moins 2 propositions pour permettre un vrai choix, et je retravaille le projet autant que n\u00e9cessaire. <\/p>\n\n\n\n<p class=\"has-body-text-color has-text-color has-link-color has-figtree-font-family has-medium-font-size wp-elements-1c21eeac1ecaa849dfb4fff76c78c357\" style=\"font-style:normal;font-weight:400\">Contactez-moi, je me ferai un plaisir de discuter avec vous de votre nouveau projet !<\/p>\n\n\n\n<p class=\"has-text-color has-link-color has-figtree-font-family has-body-text-font-size wp-elements-1547a64674023c27005596b6c70e964c\" style=\"color:#a9a589;font-style:normal;font-weight:300\"><\/p>\n","protected":false},"excerpt":{"rendered":"<p>Marielle Pfender Infographiste depuis 2013 En plus de 10 ans de m\u00e9tier, j&rsquo;ai eu le plaisir de travailler avec des profils tr\u00e8s diff\u00e9rents :&#8211; des associations solidaires (Le Buisson ardent \u00e0 Nancy, l&rsquo;Entraide protestante de La Rochelle&#8230;),&#8211; des associations et entreprises culturelles (Cercle celtique de Lorraine, Ensemble vocal Scalae Caeli, Facteur d&rsquo;orgues JB Gaupillat&#8230;),&#8211; des entreprises de services (Services \u00e0 la personne Rochellisa, Docteur Paper, Massages Relax&amp;Vous \u00e0 Reims&#8230;)&#8211; des maisons d&rsquo;\u00e9dition r\u00e9gionale (Editions du Mont), religieuses (Oliv\u00e9tan, OPEC), g\u00e9n\u00e9ralistes (La Palanqu\u00e9e&#8230;).De quoi d\u00e9couvrir des horizons diff\u00e9rents et utiliser une palette de styles \u00e9tendue. Par ailleurs, je travaille r\u00e9guli\u00e8rement avec des particuliers qui d\u00e9sirent transmettre leurs souvenirs, leur g\u00e9n\u00e9alogie ou l&rsquo;histoire familiale, des photos ou des \u0153uvres&#8230; Pr\u00e9sente jusqu&rsquo;au bout du projet, je r\u00e9alise la mise en page et m&rsquo;occupe du suivi aupr\u00e8s de l&rsquo;imprimeur. Je peux aider \u00e9galement pour le chapitrage, la r\u00e9daction et les corrections ortho-typographiques. Apr\u00e8s avoir discut\u00e9 de votre projet, je vous propose un devis adapt\u00e9. Nous pouvons ensuite passer \u00e0 la phase de r\u00e9alisation. \u00catre \u00e0 votre \u00e9coute me tient \u00e0 c\u0153ur ; je m&rsquo;adapte \u00e0 vos besoins et vos sp\u00e9cificit\u00e9s. C&rsquo;est pourquoi je fais au moins 2 propositions pour permettre un vrai choix, et je retravaille le projet autant que n\u00e9cessaire. Contactez-moi, je me ferai un plaisir de discuter avec vous de votre nouveau projet !<\/p>\n","protected":false},"author":2,"featured_media":67,"parent":0,"menu_order":0,"comment_status":"closed","ping_status":"closed","template":"","meta":{"footnotes":""},"class_list":["post-96","page","type-page","status-publish","has-post-thumbnail","hentry"],"_links":{"self":[{"href":"https:\/\/mp-infographie.com\/index.php\/wp-json\/wp\/v2\/pages\/96","targetHints":{"allow":["GET"]}}],"collection":[{"href":"https:\/\/mp-infographie.com\/index.php\/wp-json\/wp\/v2\/pages"}],"about":[{"href":"https:\/\/mp-infographie.com\/index.php\/wp-json\/wp\/v2\/types\/page"}],"author":[{"embeddable":true,"href":"https:\/\/mp-infographie.com\/index.php\/wp-json\/wp\/v2\/users\/2"}],"replies":[{"embeddable":true,"href":"https:\/\/mp-infographie.com\/index.php\/wp-json\/wp\/v2\/comments?post=96"}],"version-history":[{"count":19,"href":"https:\/\/mp-infographie.com\/index.php\/wp-json\/wp\/v2\/pages\/96\/revisions"}],"predecessor-version":[{"id":167,"href":"https:\/\/mp-infographie.com\/index.php\/wp-json\/wp\/v2\/pages\/96\/revisions\/167"}],"wp:featuredmedia":[{"embeddable":true,"href":"https:\/\/mp-infographie.com\/index.php\/wp-json\/wp\/v2\/media\/67"}],"wp:attachment":[{"href":"https:\/\/mp-infographie.com\/index.php\/wp-json\/wp\/v2\/media?parent=96"}],"curies":[{"name":"wp","href":"https:\/\/api.w.org\/{rel}","templated":true}]}}